{"id":5282,"date":"2020-09-09T09:18:46","date_gmt":"2020-09-09T07:18:46","guid":{"rendered":"https:\/\/www.treurer.com\/?page_id=5282"},"modified":"2024-09-17T12:45:40","modified_gmt":"2024-09-17T10:45:40","slug":"olivenoelkultur","status":"publish","type":"page","link":"https:\/\/treurer.com\/de\/olivenoelkultur\/","title":{"rendered":"Oliven\u00f6lkultur"},"content":{"rendered":"\t\t<div data-elementor-type=\"wp-page\" data-elementor-id=\"5282\" class=\"elementor elementor-5282 elementor-81\" data-elementor-post-type=\"page\">\n\t\t\t\t\t\t<section class=\"elementor-section elementor-top-section elementor-element elementor-element-619123a elementor-section-boxed elementor-section-height-default elementor-section-height-default\" data-id=\"619123a\" data-element_type=\"section\" data-settings=\"{&quot;background_background&quot;:&quot;classic&quot;}\">\n\t\t\t\t\t\t\t<div class=\"elementor-background-overlay\"><\/div>\n\t\t\t\t\t\t\t<div class=\"elementor-container elementor-column-gap-default\">\n\t\t\t\t\t<div class=\"elementor-column elementor-col-100 elementor-top-column elementor-element elementor-element-611db62\" data-id=\"611db62\" data-element_type=\"column\">\n\t\t\t<div class=\"elementor-widget-wrap elementor-element-populated\">\n\t\t\t\t\t\t<div class=\"elementor-element elementor-element-27bf15a mw1 elementor-widget elementor-widget-heading\" data-id=\"27bf15a\" data-element_type=\"widget\" data-widget_type=\"heading.default\">\n\t\t\t\t<div class=\"elementor-widget-container\">\n\t\t\t\t\t<h1 class=\"elementor-heading-title elementor-size-default\">Artikel \u00fcber natives Oliven\u00f6l extra<\/h1>\t\t\t\t<\/div>\n\t\t\t\t<\/div>\n\t\t\t\t\t<\/div>\n\t\t<\/div>\n\t\t\t\t\t<\/div>\n\t\t<\/section>\n\t\t\t\t<section class=\"elementor-section elementor-top-section elementor-element elementor-element-d4f3e58 elementor-section-boxed elementor-section-height-default elementor-section-height-default\" data-id=\"d4f3e58\" data-element_type=\"section\">\n\t\t\t\t\t\t<div class=\"elementor-container elementor-column-gap-default\">\n\t\t\t\t\t<div class=\"elementor-column elementor-col-100 elementor-top-column elementor-element elementor-element-0a7b211\" data-id=\"0a7b211\" data-element_type=\"column\">\n\t\t\t<div class=\"elementor-widget-wrap elementor-element-populated\">\n\t\t\t\t\t\t<div class=\"elementor-element elementor-element-82bec44 elementor-widget elementor-widget-heading\" data-id=\"82bec44\" data-element_type=\"widget\" data-widget_type=\"heading.default\">\n\t\t\t\t<div class=\"elementor-widget-container\">\n\t\t\t\t\t<h2 class=\"elementor-heading-title elementor-size-default\">Oliven\u00f6lkultur<\/h2>\t\t\t\t<\/div>\n\t\t\t\t<\/div>\n\t\t\t\t<div class=\"elementor-element elementor-element-ebc7e0b elementor-widget-divider--view-line elementor-widget elementor-widget-divider\" data-id=\"ebc7e0b\" data-element_type=\"widget\" data-widget_type=\"divider.default\">\n\t\t\t\t<div class=\"elementor-widget-container\">\n\t\t\t\t\t\t\t<div class=\"elementor-divider\">\n\t\t\t<span class=\"elementor-divider-separator\">\n\t\t\t\t\t\t<\/span>\n\t\t<\/div>\n\t\t\t\t\t\t<\/div>\n\t\t\t\t<\/div>\n\t\t\t\t<section class=\"elementor-section elementor-inner-section elementor-element elementor-element-8644a89 elementor-section-boxed elementor-section-height-default elementor-section-height-default\" data-id=\"8644a89\" data-element_type=\"section\">\n\t\t\t\t\t\t<div class=\"elementor-container elementor-column-gap-default\">\n\t\t\t\t\t<div class=\"elementor-column elementor-col-50 elementor-inner-column elementor-element elementor-element-583254a\" data-id=\"583254a\" data-element_type=\"column\">\n\t\t\t<div class=\"elementor-widget-wrap elementor-element-populated\">\n\t\t\t\t\t\t<div class=\"elementor-element elementor-element-2404ccf elementor-widget elementor-widget-text-editor\" data-id=\"2404ccf\" data-element_type=\"widget\" data-widget_type=\"text-editor.default\">\n\t\t\t\t<div class=\"elementor-widget-container\">\n\t\t\t\t\t\t\t\t\t<p>Im Mittelmeerraum ist kaltgepresstes Oliven\u00f6l weit mehr als eine Zutat unserer K\u00fcche. Zusammen mit Wein und Brot bildet es die Triade, die an jedem Tisch anzutreffen ist, um den sich Familie, Freunde oder Kollegen versammeln.<\/p>\t\t\t\t\t\t\t\t<\/div>\n\t\t\t\t<\/div>\n\t\t\t\t\t<\/div>\n\t\t<\/div>\n\t\t\t\t<div class=\"elementor-column elementor-col-50 elementor-inner-column elementor-element elementor-element-af253eb\" data-id=\"af253eb\" data-element_type=\"column\">\n\t\t\t<div class=\"elementor-widget-wrap elementor-element-populated\">\n\t\t\t\t\t\t<div class=\"elementor-element elementor-element-0e57082 elementor-widget elementor-widget-text-editor\" data-id=\"0e57082\" data-element_type=\"widget\" data-widget_type=\"text-editor.default\">\n\t\t\t\t<div class=\"elementor-widget-container\">\n\t\t\t\t\t\t\t\t\t<p>Daher ist \u00d6l ein Symbol f\u00fcr Reichtum, Ruhe, gute Zeiten und ein gutes Leben. Es begleitet uns jeden Tag unseres Lebens und wir haben gelernt, es wertzusch\u00e4tzen, und h\u00e4tten wir es nicht, wir w\u00fcrden es vermissen.<\/p>\t\t\t\t\t\t\t\t<\/div>\n\t\t\t\t<\/div>\n\t\t\t\t\t<\/div>\n\t\t<\/div>\n\t\t\t\t\t<\/div>\n\t\t<\/section>\n\t\t\t\t<section class=\"elementor-section elementor-inner-section elementor-element elementor-element-0172f71 elementor-section-boxed elementor-section-height-default elementor-section-height-default\" data-id=\"0172f71\" data-element_type=\"section\">\n\t\t\t\t\t\t<div class=\"elementor-container elementor-column-gap-default\">\n\t\t\t\t\t<div class=\"elementor-column elementor-col-100 elementor-inner-column elementor-element elementor-element-e3d583e\" data-id=\"e3d583e\" data-element_type=\"column\">\n\t\t\t<div class=\"elementor-widget-wrap elementor-element-populated\">\n\t\t\t\t\t\t<div class=\"elementor-element elementor-element-de434b4 bh elementor-posts--align-left elementor-grid-3 elementor-grid-tablet-2 elementor-grid-mobile-1 elementor-posts--thumbnail-top elementor-widget elementor-widget-posts\" data-id=\"de434b4\" data-element_type=\"widget\" id=\"cat1\" data-settings=\"{&quot;classic_columns&quot;:&quot;3&quot;,&quot;classic_columns_tablet&quot;:&quot;2&quot;,&quot;classic_columns_mobile&quot;:&quot;1&quot;,&quot;classic_row_gap&quot;:{&quot;unit&quot;:&quot;px&quot;,&quot;size&quot;:35,&quot;sizes&quot;:[]},&quot;classic_row_gap_tablet&quot;:{&quot;unit&quot;:&quot;px&quot;,&quot;size&quot;:&quot;&quot;,&quot;sizes&quot;:[]},&quot;classic_row_gap_mobile&quot;:{&quot;unit&quot;:&quot;px&quot;,&quot;size&quot;:&quot;&quot;,&quot;sizes&quot;:[]}}\" data-widget_type=\"posts.classic\">\n\t\t\t\t<div class=\"elementor-widget-container\">\n\t\t\t\t\t\t\t<div class=\"elementor-posts-container elementor-posts elementor-posts--skin-classic elementor-grid\">\n\t\t\t\t<article class=\"elementor-post elementor-grid-item post-43457 post type-post status-publish format-standard has-post-thumbnail hentry category-olivenoelkultur category-turismo-de\">\n\t\t\t\t<a class=\"elementor-post__thumbnail__link\" href=\"https:\/\/treurer.com\/de\/kathedrale-von-palma\/\" tabindex=\"-1\" >\n\t\t\t<div class=\"elementor-post__thumbnail\"><img fetchpriority=\"high\" decoding=\"async\" width=\"1920\" height=\"1096\" src=\"https:\/\/treurer.com\/wp-content\/uploads\/Catedral-de-palma-altar.jpg\" class=\"attachment-medium size-medium wp-image-43454\" alt=\"Kathedrale von Palma, Hochaltar. Ein Werk von Gaud\u00ed.\" srcset=\"https:\/\/treurer.com\/wp-content\/uploads\/Catedral-de-palma-altar.jpg 1920w, https:\/\/treurer.com\/wp-content\/uploads\/Catedral-de-palma-altar-768x438.jpg 768w, https:\/\/treurer.com\/wp-content\/uploads\/Catedral-de-palma-altar-1536x877.jpg 1536w, https:\/\/treurer.com\/wp-content\/uploads\/Catedral-de-palma-altar-300x171.jpg 300w, https:\/\/treurer.com\/wp-content\/uploads\/Catedral-de-palma-altar-600x343.jpg 600w, https:\/\/treurer.com\/wp-content\/uploads\/Catedral-de-palma-altar-64x37.jpg 64w\" sizes=\"(max-width: 1920px) 100vw, 1920px\" title=\"\"><\/div>\n\t\t<\/a>\n\t\t\t\t<div class=\"elementor-post__text\">\n\t\t\t\t<h3 class=\"elementor-post__title\">\n\t\t\t<a href=\"https:\/\/treurer.com\/de\/kathedrale-von-palma\/\" >\n\t\t\t\tEntdecken Sie die Geheimnisse der Kathedrale von Palma\t\t\t<\/a>\n\t\t<\/h3>\n\t\t\t\t<div class=\"elementor-post__excerpt\">\n\t\t\t<p>Entdecken Sie die Kathedrale von Palma (La Seu), ein gotisches Meisterwerk mit einer reichen Geschichte und einem atemberaubenden Blick auf das Meer.<\/p>\n\t\t<\/div>\n\t\t\t\t<\/div>\n\t\t\t\t<\/article>\n\t\t\t\t<article class=\"elementor-post elementor-grid-item post-43471 post type-post status-publish format-standard hentry category-olivenoelkultur category-turismo-de\">\n\t\t\t\t<div class=\"elementor-post__text\">\n\t\t\t\t<h3 class=\"elementor-post__title\">\n\t\t\t<a href=\"https:\/\/treurer.com\/de\/sencelles\/\" >\n\t\t\t\tSencelles: Entdecken Sie das historische und architektonische Herz der Stadt\t\t\t<\/a>\n\t\t<\/h3>\n\t\t\t\t<div class=\"elementor-post__excerpt\">\n\t\t\t<p>Entdecken Sie Sencelles, das historische Herz Mallorcas. Erkunden Sie seine Architektur und landwirtschaftliche Tradition. Planen Sie Ihren Besuch in dieser authentischen Ecke!<\/p>\n\t\t<\/div>\n\t\t\t\t<\/div>\n\t\t\t\t<\/article>\n\t\t\t\t<article class=\"elementor-post elementor-grid-item post-43109 post type-post status-publish format-standard has-post-thumbnail hentry category-olivenoelkultur category-turismo-de\">\n\t\t\t\t<a class=\"elementor-post__thumbnail__link\" href=\"https:\/\/treurer.com\/de\/serra-de-tramuntana\/\" tabindex=\"-1\" >\n\t\t\t<div class=\"elementor-post__thumbnail\"><img decoding=\"async\" width=\"800\" height=\"450\" src=\"https:\/\/treurer.com\/wp-content\/uploads\/Mirador-Torre-des-Verger-Serra-Tramuntana.jpg\" class=\"attachment-medium size-medium wp-image-42896\" alt=\"Torre des Verger en la Serra de Tramuntana\" srcset=\"https:\/\/treurer.com\/wp-content\/uploads\/Mirador-Torre-des-Verger-Serra-Tramuntana.jpg 800w, https:\/\/treurer.com\/wp-content\/uploads\/Mirador-Torre-des-Verger-Serra-Tramuntana-768x432.jpg 768w, https:\/\/treurer.com\/wp-content\/uploads\/Mirador-Torre-des-Verger-Serra-Tramuntana-300x169.jpg 300w, https:\/\/treurer.com\/wp-content\/uploads\/Mirador-Torre-des-Verger-Serra-Tramuntana-600x338.jpg 600w, https:\/\/treurer.com\/wp-content\/uploads\/Mirador-Torre-des-Verger-Serra-Tramuntana-64x36.jpg 64w\" sizes=\"(max-width: 800px) 100vw, 800px\" title=\"\"><\/div>\n\t\t<\/a>\n\t\t\t\t<div class=\"elementor-post__text\">\n\t\t\t\t<h3 class=\"elementor-post__title\">\n\t\t\t<a href=\"https:\/\/treurer.com\/de\/serra-de-tramuntana\/\" >\n\t\t\t\tSehensw\u00fcrdigkeiten in der Serra de Tramuntana: Routen, Aussichtspunkte und lokale Gastronomie\t\t\t<\/a>\n\t\t<\/h3>\n\t\t\t\t<div class=\"elementor-post__excerpt\">\n\t\t\t<p>Gu\u00eda pr\u00e1ctica para visitar Sant Joan (Mallorca): c\u00f3mo llegar en coche de alquiler, qu\u00e9 ver (iglesia, oratorios y miradores), rutas circulares por el Pla de Mallorca<\/p>\n\t\t<\/div>\n\t\t\t\t<\/div>\n\t\t\t\t<\/article>\n\t\t\t\t<article class=\"elementor-post elementor-grid-item post-42808 post type-post status-publish format-standard has-post-thumbnail hentry category-olivenoelkultur category-turismo-de\">\n\t\t\t\t<a class=\"elementor-post__thumbnail__link\" href=\"https:\/\/treurer.com\/de\/cuevas-del-drach\/\" tabindex=\"-1\" >\n\t\t\t<div class=\"elementor-post__thumbnail\"><img decoding=\"async\" width=\"1920\" height=\"1280\" src=\"https:\/\/treurer.com\/wp-content\/uploads\/Cuevas-Drach.jpg\" class=\"attachment-medium size-medium wp-image-42348\" alt=\"Cuevas del Drach, Mallorca\" srcset=\"https:\/\/treurer.com\/wp-content\/uploads\/Cuevas-Drach.jpg 1920w, https:\/\/treurer.com\/wp-content\/uploads\/Cuevas-Drach-768x512.jpg 768w, https:\/\/treurer.com\/wp-content\/uploads\/Cuevas-Drach-200x133.jpg 200w, https:\/\/treurer.com\/wp-content\/uploads\/Cuevas-Drach-1536x1024.jpg 1536w, https:\/\/treurer.com\/wp-content\/uploads\/Cuevas-Drach-300x200.jpg 300w, https:\/\/treurer.com\/wp-content\/uploads\/Cuevas-Drach-600x400.jpg 600w, https:\/\/treurer.com\/wp-content\/uploads\/Cuevas-Drach-64x43.jpg 64w\" sizes=\"(max-width: 1920px) 100vw, 1920px\" title=\"\"><\/div>\n\t\t<\/a>\n\t\t\t\t<div class=\"elementor-post__text\">\n\t\t\t\t<h3 class=\"elementor-post__title\">\n\t\t\t<a href=\"https:\/\/treurer.com\/de\/cuevas-del-drach\/\" >\n\t\t\t\tCuevas del Drach\t\t\t<\/a>\n\t\t<\/h3>\n\t\t\t\t<div class=\"elementor-post__excerpt\">\n\t\t\t<p>Entdecken Sie die Cuevas del Drach auf Mallorca: eine unterirdische Welt mit spektakul\u00e4ren Formationen, dem beleuchteten Lago Martel und einem unvergesslichen Live-Konzert unter der Erde.<\/p>\n\t\t<\/div>\n\t\t\t\t<\/div>\n\t\t\t\t<\/article>\n\t\t\t\t<article class=\"elementor-post elementor-grid-item post-42712 post type-post status-publish format-standard has-post-thumbnail hentry category-nachrichten\">\n\t\t\t\t<a class=\"elementor-post__thumbnail__link\" href=\"https:\/\/treurer.com\/de\/mariano-mayol\/\" tabindex=\"-1\" >\n\t\t\t<div class=\"elementor-post__thumbnail\"><img loading=\"lazy\" decoding=\"async\" width=\"1225\" height=\"1600\" src=\"https:\/\/treurer.com\/wp-content\/uploads\/Mariano-Mayol-3.jpeg\" class=\"attachment-medium size-medium wp-image-42667\" alt=\"Obra de Mariano Mayol\" srcset=\"https:\/\/treurer.com\/wp-content\/uploads\/Mariano-Mayol-3.jpeg 1225w, https:\/\/treurer.com\/wp-content\/uploads\/Mariano-Mayol-3-768x1003.jpeg 768w, https:\/\/treurer.com\/wp-content\/uploads\/Mariano-Mayol-3-153x200.jpeg 153w, https:\/\/treurer.com\/wp-content\/uploads\/Mariano-Mayol-3-1176x1536.jpeg 1176w, https:\/\/treurer.com\/wp-content\/uploads\/Mariano-Mayol-3-300x392.jpeg 300w, https:\/\/treurer.com\/wp-content\/uploads\/Mariano-Mayol-3-600x784.jpeg 600w, https:\/\/treurer.com\/wp-content\/uploads\/Mariano-Mayol-3-64x84.jpeg 64w\" sizes=\"(max-width: 1225px) 100vw, 1225px\" title=\"\"><\/div>\n\t\t<\/a>\n\t\t\t\t<div class=\"elementor-post__text\">\n\t\t\t\t<h3 class=\"elementor-post__title\">\n\t\t\t<a href=\"https:\/\/treurer.com\/de\/mariano-mayol\/\" >\n\t\t\t\tMariano Mayol: Vier Jahrzehnte Kunst, Natur und Tradition\t\t\t<\/a>\n\t\t<\/h3>\n\t\t\t\t<div class=\"elementor-post__excerpt\">\n\t\t\t<p>In seiner neuen kreativen Phase l\u00e4sst Mariano Mayol die maritime Ikonografie hinter sich, die sein Werk jahrelang gepr\u00e4gt hat \u2013 Karten, K\u00fcsten, Schiffe und Seekarten \u2013, um sich auf das Festland zu wagen. Diesmal richtet er seinen Blick auf das Land, die Urspr\u00fcnge und die Natur und l\u00e4sst sich von einer alten Tradition inspirieren: dem Anbau und der Herstellung von \u00d6l.<\/p>\n\t\t<\/div>\n\t\t\t\t<\/div>\n\t\t\t\t<\/article>\n\t\t\t\t<article class=\"elementor-post elementor-grid-item post-42771 post type-post status-publish format-standard has-post-thumbnail hentry category-olivenoelkultur category-turismo-de\">\n\t\t\t\t<a class=\"elementor-post__thumbnail__link\" href=\"https:\/\/treurer.com\/de\/mallorca-im-juli\/\" tabindex=\"-1\" >\n\t\t\t<div class=\"elementor-post__thumbnail\"><img loading=\"lazy\" decoding=\"async\" width=\"1920\" height=\"1280\" src=\"https:\/\/treurer.com\/wp-content\/uploads\/Mallorca-en-julio-3.jpg\" class=\"attachment-medium size-medium wp-image-42539\" alt=\"Mallorca in Juli, Festes del Carme, Port d&#039;Andratx\" srcset=\"https:\/\/treurer.com\/wp-content\/uploads\/Mallorca-en-julio-3.jpg 1920w, https:\/\/treurer.com\/wp-content\/uploads\/Mallorca-en-julio-3-768x512.jpg 768w, https:\/\/treurer.com\/wp-content\/uploads\/Mallorca-en-julio-3-200x133.jpg 200w, https:\/\/treurer.com\/wp-content\/uploads\/Mallorca-en-julio-3-1536x1024.jpg 1536w, https:\/\/treurer.com\/wp-content\/uploads\/Mallorca-en-julio-3-300x200.jpg 300w, https:\/\/treurer.com\/wp-content\/uploads\/Mallorca-en-julio-3-600x400.jpg 600w, https:\/\/treurer.com\/wp-content\/uploads\/Mallorca-en-julio-3-64x43.jpg 64w\" sizes=\"(max-width: 1920px) 100vw, 1920px\" title=\"\"><\/div>\n\t\t<\/a>\n\t\t\t\t<div class=\"elementor-post__text\">\n\t\t\t\t<h3 class=\"elementor-post__title\">\n\t\t\t<a href=\"https:\/\/treurer.com\/de\/mallorca-im-juli\/\" >\n\t\t\t\tMallorca im Juli\t\t\t<\/a>\n\t\t<\/h3>\n\t\t\t\t<div class=\"elementor-post__excerpt\">\n\t\t\t<p>Mallorca im Juli bedeutet Sonne, warmes Meer und Partyn\u00e4chte. Erleben Sie die Prozessionen der Seeleute, genie\u00dfen Sie Sommerfr\u00fcchte und entdecken Sie einzigartige Erlebnisse mitten in der mediterranen Saison.<\/p>\n\t\t<\/div>\n\t\t\t\t<\/div>\n\t\t\t\t<\/article>\n\t\t\t\t<\/div>\n\t\t\n\t\t\t\t<div class=\"e-load-more-anchor\" data-page=\"1\" data-max-page=\"19\" data-next-page=\"https:\/\/treurer.com\/de\/wp-json\/wp\/v2\/pages\/5282\/page\/2\/\"><\/div>\n\t\t\t\t<nav class=\"elementor-pagination\" aria-label=\"Pagination\">\n\t\t\t<span class=\"page-numbers prev\">&laquo;<\/span>\n<span aria-current=\"page\" class=\"page-numbers current\"><span class=\"elementor-screen-only\">Page<\/span>1<\/span>\n<a class=\"page-numbers\" href=\"https:\/\/treurer.com\/de\/wp-json\/wp\/v2\/pages\/5282\/page\/2\/\"><span class=\"elementor-screen-only\">Page<\/span>2<\/a>\n<a class=\"page-numbers\" href=\"https:\/\/treurer.com\/de\/wp-json\/wp\/v2\/pages\/5282\/page\/3\/\"><span class=\"elementor-screen-only\">Page<\/span>3<\/a>\n<a class=\"page-numbers\" href=\"https:\/\/treurer.com\/de\/wp-json\/wp\/v2\/pages\/5282\/page\/4\/\"><span class=\"elementor-screen-only\">Page<\/span>4<\/a>\n<a class=\"page-numbers\" href=\"https:\/\/treurer.com\/de\/wp-json\/wp\/v2\/pages\/5282\/page\/5\/\"><span class=\"elementor-screen-only\">Page<\/span>5<\/a>\n<a class=\"page-numbers\" href=\"https:\/\/treurer.com\/de\/wp-json\/wp\/v2\/pages\/5282\/page\/6\/\"><span class=\"elementor-screen-only\">Page<\/span>6<\/a>\n<a class=\"page-numbers\" href=\"https:\/\/treurer.com\/de\/wp-json\/wp\/v2\/pages\/5282\/page\/7\/\"><span class=\"elementor-screen-only\">Page<\/span>7<\/a>\n<a class=\"page-numbers\" href=\"https:\/\/treurer.com\/de\/wp-json\/wp\/v2\/pages\/5282\/page\/8\/\"><span class=\"elementor-screen-only\">Page<\/span>8<\/a>\n<a class=\"page-numbers\" href=\"https:\/\/treurer.com\/de\/wp-json\/wp\/v2\/pages\/5282\/page\/9\/\"><span class=\"elementor-screen-only\">Page<\/span>9<\/a>\n<a class=\"page-numbers\" href=\"https:\/\/treurer.com\/de\/wp-json\/wp\/v2\/pages\/5282\/page\/10\/\"><span class=\"elementor-screen-only\">Page<\/span>10<\/a>\n<a class=\"page-numbers\" href=\"https:\/\/treurer.com\/de\/wp-json\/wp\/v2\/pages\/5282\/page\/11\/\"><span class=\"elementor-screen-only\">Page<\/span>11<\/a>\n<a class=\"page-numbers\" href=\"https:\/\/treurer.com\/de\/wp-json\/wp\/v2\/pages\/5282\/page\/12\/\"><span class=\"elementor-screen-only\">Page<\/span>12<\/a>\n<a class=\"page-numbers next\" href=\"https:\/\/treurer.com\/de\/wp-json\/wp\/v2\/pages\/5282\/page\/2\/\">&raquo;<\/a>\t\t<\/nav>\n\t\t\t\t\t\t<\/div>\n\t\t\t\t<\/div>\n\t\t\t\t\t<\/div>\n\t\t<\/div>\n\t\t\t\t\t<\/div>\n\t\t<\/section>\n\t\t\t\t\t<\/div>\n\t\t<\/div>\n\t\t\t\t\t<\/div>\n\t\t<\/section>\n\t\t\t\t<section class=\"elementor-section elementor-top-section elementor-element elementor-element-b0b2a4a elementor-section-boxed elementor-section-height-default elementor-section-height-default\" data-id=\"b0b2a4a\" data-element_type=\"section\">\n\t\t\t\t\t\t<div class=\"elementor-container elementor-column-gap-default\">\n\t\t\t\t\t<div class=\"elementor-column elementor-col-100 elementor-top-column elementor-element elementor-element-f652e1d\" data-id=\"f652e1d\" data-element_type=\"column\">\n\t\t\t<div class=\"elementor-widget-wrap elementor-element-populated\">\n\t\t\t\t\t\t<div class=\"elementor-element elementor-element-120d48a elementor-widget elementor-widget-html\" data-id=\"120d48a\" data-element_type=\"widget\" data-widget_type=\"html.default\">\n\t\t\t\t<div class=\"elementor-widget-container\">\n\t\t\t\t\t<script>\nfunction hideTerm(term) {\n    css = 'li[data-term*=\"'+term+'\"]{display:none;}'\n    style = $('<style type=\"text\/css\">').text(css)\n    $('head').append(style);\n}<\/script>\t\t\t\t<\/div>\n\t\t\t\t<\/div>\n\t\t\t\t\t<\/div>\n\t\t<\/div>\n\t\t\t\t\t<\/div>\n\t\t<\/section>\n\t\t\t\t<\/div>\n\t\t","protected":false},"excerpt":{"rendered":"<p>Artikel \u00fcber natives Oliven\u00f6l extra Oliven\u00f6lkultur Im Mittelmeerraum ist kaltgepresstes Oliven\u00f6l weit mehr als eine Zutat unserer K\u00fcche. Zusammen mit Wein und Brot bildet es die Triade, die an jedem Tisch anzutreffen ist, um den sich Familie, Freunde oder Kollegen versammeln. Daher ist \u00d6l ein Symbol f\u00fcr Reichtum, Ruhe, gute Zeiten und ein gutes Leben. [&hellip;]<\/p>\n","protected":false},"author":4,"featured_media":1854,"parent":0,"menu_order":0,"comment_status":"closed","ping_status":"closed","template":"","meta":{"_acf_changed":false,"content-type":"","_joinchat":[],"footnotes":""},"class_list":["post-5282","page","type-page","status-publish","has-post-thumbnail","hentry"],"acf":[],"_links":{"self":[{"href":"https:\/\/treurer.com\/de\/wp-json\/wp\/v2\/pages\/5282","targetHints":{"allow":["GET"]}}],"collection":[{"href":"https:\/\/treurer.com\/de\/wp-json\/wp\/v2\/pages"}],"about":[{"href":"https:\/\/treurer.com\/de\/wp-json\/wp\/v2\/types\/page"}],"author":[{"embeddable":true,"href":"https:\/\/treurer.com\/de\/wp-json\/wp\/v2\/users\/4"}],"replies":[{"embeddable":true,"href":"https:\/\/treurer.com\/de\/wp-json\/wp\/v2\/comments?post=5282"}],"version-history":[{"count":15,"href":"https:\/\/treurer.com\/de\/wp-json\/wp\/v2\/pages\/5282\/revisions"}],"predecessor-version":[{"id":37491,"href":"https:\/\/treurer.com\/de\/wp-json\/wp\/v2\/pages\/5282\/revisions\/37491"}],"wp:featuredmedia":[{"embeddable":true,"href":"https:\/\/treurer.com\/de\/wp-json\/wp\/v2\/media\/1854"}],"wp:attachment":[{"href":"https:\/\/treurer.com\/de\/wp-json\/wp\/v2\/media?parent=5282"}],"curies":[{"name":"wp","href":"https:\/\/api.w.org\/{rel}","templated":true}]}}