{"id":44466,"date":"2026-03-26T16:44:11","date_gmt":"2026-03-26T15:44:11","guid":{"rendered":"https:\/\/treurer.com\/?page_id=44466"},"modified":"2026-04-09T11:26:54","modified_gmt":"2026-04-09T09:26:54","slug":"sommerkonzert-auf-der-finca-treurer","status":"publish","type":"page","link":"https:\/\/treurer.com\/de\/sommerkonzert-auf-der-finca-treurer\/","title":{"rendered":"Sommerkonzert auf der Finca Treurer"},"content":{"rendered":"\t\t<div data-elementor-type=\"wp-page\" data-elementor-id=\"44466\" class=\"elementor elementor-44466 elementor-44092\" data-elementor-post-type=\"page\">\n\t\t\t\t\t\t<section class=\"elementor-section elementor-top-section elementor-element elementor-element-49a05cb elementor-section-boxed elementor-section-height-default elementor-section-height-default\" data-id=\"49a05cb\" data-element_type=\"section\">\n\t\t\t\t\t\t<div class=\"elementor-container elementor-column-gap-default\">\n\t\t\t\t\t<div class=\"elementor-column elementor-col-100 elementor-top-column elementor-element elementor-element-e72e6cb\" data-id=\"e72e6cb\" data-element_type=\"column\">\n\t\t\t<div class=\"elementor-widget-wrap elementor-element-populated\">\n\t\t\t\t\t\t<div class=\"elementor-element elementor-element-c633569 elementor-widget elementor-widget-heading\" data-id=\"c633569\" data-element_type=\"widget\" data-widget_type=\"heading.default\">\n\t\t\t\t<div class=\"elementor-widget-container\">\n\t\t\t\t\t<h1 class=\"elementor-heading-title elementor-size-default\">Sommerkonzert<\/h1>\t\t\t\t<\/div>\n\t\t\t\t<\/div>\n\t\t\t\t<div class=\"elementor-element elementor-element-e582473 elementor-widget elementor-widget-heading\" data-id=\"e582473\" data-element_type=\"widget\" data-widget_type=\"heading.default\">\n\t\t\t\t<div class=\"elementor-widget-container\">\n\t\t\t\t\t<span class=\"elementor-heading-title elementor-size-default\">auf der Finca Treurer<\/span>\t\t\t\t<\/div>\n\t\t\t\t<\/div>\n\t\t\t\t<div class=\"elementor-element elementor-element-6bd3ec1 elementor-widget elementor-widget-text-editor\" data-id=\"6bd3ec1\" data-element_type=\"widget\" data-widget_type=\"text-editor.default\">\n\t\t\t\t<div class=\"elementor-widget-container\">\n\t\t\t\t\t\t\t\t\t<p><strong>M\u00f6chtest Sie das Konzert noch intensiver genie\u00dfen?<\/strong><\/p><p><strong>Buchen Sie bei uns eine Suite und genie\u00dfen Sie das Konzert von der privaten Terrasse aus.<\/strong><\/p><p>Mindestaufenthalt: drei N\u00e4chte. Informationen unter <b>hello@treurer.com<\/b><\/p>\t\t\t\t\t\t\t\t<\/div>\n\t\t\t\t<\/div>\n\t\t\t\t<section class=\"elementor-section elementor-inner-section elementor-element elementor-element-96713ee elementor-section-boxed elementor-section-height-default elementor-section-height-default\" data-id=\"96713ee\" data-element_type=\"section\">\n\t\t\t\t\t\t<div class=\"elementor-container elementor-column-gap-default\">\n\t\t\t\t\t<div class=\"elementor-column elementor-col-50 elementor-inner-column elementor-element elementor-element-0e7adf3\" data-id=\"0e7adf3\" data-element_type=\"column\">\n\t\t\t<div class=\"elementor-widget-wrap elementor-element-populated\">\n\t\t\t\t\t\t<div class=\"elementor-element elementor-element-76bea2e elementor-align-center elementor-widget elementor-widget-button\" data-id=\"76bea2e\" data-element_type=\"widget\" data-widget_type=\"button.default\">\n\t\t\t\t<div class=\"elementor-widget-container\">\n\t\t\t\t\t\t\t\t\t<div class=\"elementor-button-wrapper\">\n\t\t\t\t\t<a class=\"elementor-button elementor-button-link elementor-size-sm\" href=\"https:\/\/treurer.com\/de\/producto\/sommerkonzert-2026\/\">\n\t\t\t\t\t\t<span class=\"elementor-button-content-wrapper\">\n\t\t\t\t\t\t\t\t\t<span class=\"elementor-button-text\">Konzert buchen (25 \u20ac p. P.)<\/span>\n\t\t\t\t\t<\/span>\n\t\t\t\t\t<\/a>\n\t\t\t\t<\/div>\n\t\t\t\t\t\t\t\t<\/div>\n\t\t\t\t<\/div>\n\t\t\t\t\t<\/div>\n\t\t<\/div>\n\t\t\t\t<div class=\"elementor-column elementor-col-50 elementor-inner-column elementor-element elementor-element-209affa\" data-id=\"209affa\" data-element_type=\"column\">\n\t\t\t<div class=\"elementor-widget-wrap elementor-element-populated\">\n\t\t\t\t\t\t<div class=\"elementor-element elementor-element-93f01bd elementor-align-center elementor-widget elementor-widget-button\" data-id=\"93f01bd\" data-element_type=\"widget\" data-widget_type=\"button.default\">\n\t\t\t\t<div class=\"elementor-widget-container\">\n\t\t\t\t\t\t\t\t\t<div class=\"elementor-button-wrapper\">\n\t\t\t\t\t<a class=\"elementor-button elementor-button-link elementor-size-sm\" href=\"https:\/\/treurer.com\/de\/producto\/abendessen-und-sommerkonzert-2026\/\">\n\t\t\t\t\t\t<span class=\"elementor-button-content-wrapper\">\n\t\t\t\t\t\t\t\t\t<span class=\"elementor-button-text\">Abendessen plus Konzert buchen (95 \u20ac p. P.)<\/span>\n\t\t\t\t\t<\/span>\n\t\t\t\t\t<\/a>\n\t\t\t\t<\/div>\n\t\t\t\t\t\t\t\t<\/div>\n\t\t\t\t<\/div>\n\t\t\t\t\t<\/div>\n\t\t<\/div>\n\t\t\t\t\t<\/div>\n\t\t<\/section>\n\t\t\t\t\t<\/div>\n\t\t<\/div>\n\t\t\t\t\t<\/div>\n\t\t<\/section>\n\t\t\t\t<section class=\"elementor-section elementor-top-section elementor-element elementor-element-7b5f13f elementor-section-boxed elementor-section-height-default elementor-section-height-default\" data-id=\"7b5f13f\" data-element_type=\"section\">\n\t\t\t\t\t\t<div class=\"elementor-container elementor-column-gap-default\">\n\t\t\t\t\t<div class=\"elementor-column elementor-col-100 elementor-top-column elementor-element elementor-element-1cfdc8e\" data-id=\"1cfdc8e\" data-element_type=\"column\">\n\t\t\t<div class=\"elementor-widget-wrap elementor-element-populated\">\n\t\t\t\t\t\t<div class=\"elementor-element elementor-element-8e29d76 elementor-widget elementor-widget-image\" data-id=\"8e29d76\" data-element_type=\"widget\" data-widget_type=\"image.default\">\n\t\t\t\t<div class=\"elementor-widget-container\">\n\t\t\t\t\t\t\t\t\t\t\t\t\t\t\t<img fetchpriority=\"high\" decoding=\"async\" width=\"1080\" height=\"1350\" src=\"https:\/\/treurer.com\/wp-content\/uploads\/Final-KONZERT_DEU-1.jpg\" class=\"attachment-2048x2048 size-2048x2048 wp-image-44469\" alt=\"\" srcset=\"https:\/\/treurer.com\/wp-content\/uploads\/Final-KONZERT_DEU-1.jpg 1080w, https:\/\/treurer.com\/wp-content\/uploads\/Final-KONZERT_DEU-1-768x960.jpg 768w, https:\/\/treurer.com\/wp-content\/uploads\/Final-KONZERT_DEU-1-300x375.jpg 300w, https:\/\/treurer.com\/wp-content\/uploads\/Final-KONZERT_DEU-1-600x750.jpg 600w, https:\/\/treurer.com\/wp-content\/uploads\/Final-KONZERT_DEU-1-64x80.jpg 64w\" sizes=\"(max-width: 1080px) 100vw, 1080px\" title=\"\">\t\t\t\t\t\t\t\t\t\t\t\t\t\t\t<\/div>\n\t\t\t\t<\/div>\n\t\t\t\t\t<\/div>\n\t\t<\/div>\n\t\t\t\t\t<\/div>\n\t\t<\/section>\n\t\t\t\t<\/div>\n\t\t","protected":false},"excerpt":{"rendered":"<p>Sommerkonzert auf der Finca Treurer M\u00f6chtest Sie das Konzert noch intensiver genie\u00dfen? Buchen Sie bei uns eine Suite und genie\u00dfen Sie das Konzert von der privaten Terrasse aus. Mindestaufenthalt: drei N\u00e4chte. Informationen unter hello@treurer.com Konzert buchen (25 \u20ac p. P.) Abendessen plus Konzert buchen (95 \u20ac p. P.)<\/p>\n","protected":false},"author":3,"featured_media":0,"parent":0,"menu_order":0,"comment_status":"closed","ping_status":"closed","template":"elementor_header_footer","meta":{"_acf_changed":false,"content-type":"","_joinchat":[],"footnotes":""},"class_list":["post-44466","page","type-page","status-publish","hentry"],"acf":[],"_links":{"self":[{"href":"https:\/\/treurer.com\/de\/wp-json\/wp\/v2\/pages\/44466","targetHints":{"allow":["GET"]}}],"collection":[{"href":"https:\/\/treurer.com\/de\/wp-json\/wp\/v2\/pages"}],"about":[{"href":"https:\/\/treurer.com\/de\/wp-json\/wp\/v2\/types\/page"}],"author":[{"embeddable":true,"href":"https:\/\/treurer.com\/de\/wp-json\/wp\/v2\/users\/3"}],"replies":[{"embeddable":true,"href":"https:\/\/treurer.com\/de\/wp-json\/wp\/v2\/comments?post=44466"}],"version-history":[{"count":13,"href":"https:\/\/treurer.com\/de\/wp-json\/wp\/v2\/pages\/44466\/revisions"}],"predecessor-version":[{"id":44538,"href":"https:\/\/treurer.com\/de\/wp-json\/wp\/v2\/pages\/44466\/revisions\/44538"}],"wp:attachment":[{"href":"https:\/\/treurer.com\/de\/wp-json\/wp\/v2\/media?parent=44466"}],"curies":[{"name":"wp","href":"https:\/\/api.w.org\/{rel}","templated":true}]}}