{"id":6478,"date":"2020-12-18T19:34:06","date_gmt":"2020-12-18T19:34:06","guid":{"rendered":"https:\/\/www.treurer.com\/?page_id=6478"},"modified":"2021-01-31T15:50:14","modified_gmt":"2021-01-31T15:50:14","slug":"el-valor-mediambiental-de-lolivar","status":"publish","type":"page","link":"https:\/\/treurer.com\/ca\/el-valor-mediambiental-de-lolivar\/","title":{"rendered":"El valor mediambiental de l&#8217;olivar"},"content":{"rendered":"\t\t<div data-elementor-type=\"wp-page\" data-elementor-id=\"6478\" class=\"elementor elementor-6478 elementor-1059\" data-elementor-post-type=\"page\">\n\t\t\t\t\t\t<section class=\"elementor-section elementor-top-section elementor-element elementor-element-adc87a1 elementor-section-boxed elementor-section-height-default elementor-section-height-default\" data-id=\"adc87a1\" data-element_type=\"section\" data-settings=\"{&quot;background_background&quot;:&quot;classic&quot;}\">\n\t\t\t\t\t\t\t<div class=\"elementor-background-overlay\"><\/div>\n\t\t\t\t\t\t\t<div class=\"elementor-container elementor-column-gap-default\">\n\t\t\t\t\t<div class=\"elementor-column elementor-col-100 elementor-top-column elementor-element elementor-element-6af5805\" data-id=\"6af5805\" data-element_type=\"column\">\n\t\t\t<div class=\"elementor-widget-wrap elementor-element-populated\">\n\t\t\t\t\t\t<div class=\"elementor-element elementor-element-c54ec3c mw600 elementor-widget elementor-widget-heading\" data-id=\"c54ec3c\" data-element_type=\"widget\" data-widget_type=\"heading.default\">\n\t\t\t\t<div class=\"elementor-widget-container\">\n\t\t\t\t\t<h1 class=\"elementor-heading-title elementor-size-default\">El valor mediambiental de l'olivar<\/h1>\t\t\t\t<\/div>\n\t\t\t\t<\/div>\n\t\t\t\t\t<\/div>\n\t\t<\/div>\n\t\t\t\t\t<\/div>\n\t\t<\/section>\n\t\t\t\t<section class=\"elementor-section elementor-top-section elementor-element elementor-element-9cae22f elementor-section-boxed elementor-section-height-default elementor-section-height-default\" data-id=\"9cae22f\" data-element_type=\"section\" data-settings=\"{&quot;background_background&quot;:&quot;classic&quot;}\">\n\t\t\t\t\t\t<div class=\"elementor-container elementor-column-gap-default\">\n\t\t\t\t\t<div class=\"elementor-column elementor-col-100 elementor-top-column elementor-element elementor-element-5479b5a\" data-id=\"5479b5a\" data-element_type=\"column\">\n\t\t\t<div class=\"elementor-widget-wrap elementor-element-populated\">\n\t\t\t\t\t\t<div class=\"elementor-element elementor-element-8b47adb elementor-widget elementor-widget-spacer\" data-id=\"8b47adb\" data-element_type=\"widget\" data-widget_type=\"spacer.default\">\n\t\t\t\t<div class=\"elementor-widget-container\">\n\t\t\t\t\t\t\t<div class=\"elementor-spacer\">\n\t\t\t<div class=\"elementor-spacer-inner\"><\/div>\n\t\t<\/div>\n\t\t\t\t\t\t<\/div>\n\t\t\t\t<\/div>\n\t\t\t\t<section class=\"elementor-section elementor-inner-section elementor-element elementor-element-19841b2 elementor-section-boxed elementor-section-height-default elementor-section-height-default\" data-id=\"19841b2\" data-element_type=\"section\">\n\t\t\t\t\t\t<div class=\"elementor-container elementor-column-gap-default\">\n\t\t\t\t\t<div class=\"elementor-column elementor-col-100 elementor-inner-column elementor-element elementor-element-a032ba5\" data-id=\"a032ba5\" data-element_type=\"column\">\n\t\t\t<div class=\"elementor-widget-wrap elementor-element-populated\">\n\t\t\t\t\t\t<div class=\"elementor-element elementor-element-3920f01 mw800 elementor-widget elementor-widget-heading\" data-id=\"3920f01\" data-element_type=\"widget\" data-widget_type=\"heading.default\">\n\t\t\t\t<div class=\"elementor-widget-container\">\n\t\t\t\t\t<h2 class=\"elementor-heading-title elementor-size-default\">Biodiversitat de l'olivar<\/h2>\t\t\t\t<\/div>\n\t\t\t\t<\/div>\n\t\t\t\t<div class=\"elementor-element elementor-element-bd0c146 elementor-widget-divider--view-line elementor-widget elementor-widget-divider\" data-id=\"bd0c146\" data-element_type=\"widget\" data-widget_type=\"divider.default\">\n\t\t\t\t<div class=\"elementor-widget-container\">\n\t\t\t\t\t\t\t<div class=\"elementor-divider\">\n\t\t\t<span class=\"elementor-divider-separator\">\n\t\t\t\t\t\t<\/span>\n\t\t<\/div>\n\t\t\t\t\t\t<\/div>\n\t\t\t\t<\/div>\n\t\t\t\t<div class=\"elementor-element elementor-element-7288080 elementor-widget elementor-widget-text-editor\" data-id=\"7288080\" data-element_type=\"widget\" data-widget_type=\"text-editor.default\">\n\t\t\t\t<div class=\"elementor-widget-container\">\n\t\t\t\t\t\t\t\t\t<p style=\"text-align: center;\">L&#8217;olivar \u00e9s, sens dubte, <a href=\"http:\/\/awsassets.wwf.es\/downloads\/manual_olivares_montana_wwf.pdf?_ga=2.127304206.2024217761.1594906327-704717093.1594153999\" target=\"_blank\" rel=\"noopener\">un paisatge ple de vida<\/a>, animal i vegetal. En el seu interior habiten 165 tipus d\u2019ocells, que representen un 25% de les esp\u00e8cies catalogades al nostre pa\u00eds. Un total de 120 insectes i 550 esp\u00e8cies herb\u00e0cies comparteixen h\u00e0bitat amb l&#8217;olivera. Totes aquestes xifres s\u00f3n determinades per <a href=\"https:\/\/www.wwf.es\/nuestro_trabajo\/alimentos\/el_olivar_que_queremos\/\" target=\"_blank\" rel=\"noopener\">l&#8217;estudi realitzat per WWF<\/a>, que defensa un olivar sostenible i ecol\u00f2gic.<\/p>\t\t\t\t\t\t\t\t<\/div>\n\t\t\t\t<\/div>\n\t\t\t\t\t<\/div>\n\t\t<\/div>\n\t\t\t\t\t<\/div>\n\t\t<\/section>\n\t\t\t\t\t<\/div>\n\t\t<\/div>\n\t\t\t\t\t<\/div>\n\t\t<\/section>\n\t\t\t\t<section class=\"elementor-section elementor-top-section elementor-element elementor-element-876e131 elementor-section-full_width elementor-section-height-default elementor-section-height-default\" data-id=\"876e131\" data-element_type=\"section\">\n\t\t\t\t\t\t<div class=\"elementor-container elementor-column-gap-default\">\n\t\t\t\t\t<div class=\"elementor-column elementor-col-100 elementor-top-column elementor-element elementor-element-2e7e9ea\" data-id=\"2e7e9ea\" data-element_type=\"column\">\n\t\t\t<div class=\"elementor-widget-wrap elementor-element-populated\">\n\t\t\t\t\t\t<div class=\"elementor-element elementor-element-7832630 elementor-widget elementor-widget-gallery\" data-id=\"7832630\" data-element_type=\"widget\" data-settings=\"{&quot;gap&quot;:{&quot;unit&quot;:&quot;px&quot;,&quot;size&quot;:0,&quot;sizes&quot;:[]},&quot;gallery_layout&quot;:&quot;grid&quot;,&quot;columns&quot;:4,&quot;columns_tablet&quot;:2,&quot;columns_mobile&quot;:1,&quot;gap_tablet&quot;:{&quot;unit&quot;:&quot;px&quot;,&quot;size&quot;:10,&quot;sizes&quot;:[]},&quot;gap_mobile&quot;:{&quot;unit&quot;:&quot;px&quot;,&quot;size&quot;:10,&quot;sizes&quot;:[]},&quot;aspect_ratio&quot;:&quot;3:2&quot;,&quot;overlay_background&quot;:&quot;yes&quot;,&quot;content_hover_animation&quot;:&quot;fade-in&quot;}\" data-widget_type=\"gallery.default\">\n\t\t\t\t<div class=\"elementor-widget-container\">\n\t\t\t\t\t\t\t<div class=\"elementor-gallery__container\">\n\t\t\t\t\t\t\t<div class=\"e-gallery-item elementor-gallery-item elementor-animated-content\">\n\t\t\t\t\t<div class=\"e-gallery-image elementor-gallery-item__image\" data-thumbnail=\"https:\/\/treurer.com\/wp-content\/uploads\/Ecologia-Ruisenyor.jpg\" data-width=\"884\" data-height=\"768\" aria-label=\"Un ruise\u00f1or habitante del olivar\" role=\"img\" ><\/div>\n\t\t\t\t\t\t\t\t\t\t\t<div class=\"elementor-gallery-item__overlay\"><\/div>\n\t\t\t\t\t\t\t\t\t\t\t\t\t\t<\/div>\n\t\t\t\t\t\t\t<div class=\"e-gallery-item elementor-gallery-item elementor-animated-content\">\n\t\t\t\t\t<div class=\"e-gallery-image elementor-gallery-item__image\" data-thumbnail=\"https:\/\/treurer.com\/wp-content\/uploads\/Fauna-Olivar.jpg\" data-width=\"884\" data-height=\"768\" aria-label=\"La perdiz, parte de la fauna del olivar\" role=\"img\" ><\/div>\n\t\t\t\t\t\t\t\t\t\t\t<div class=\"elementor-gallery-item__overlay\"><\/div>\n\t\t\t\t\t\t\t\t\t\t\t\t\t\t<\/div>\n\t\t\t\t\t\t\t<div class=\"e-gallery-item elementor-gallery-item elementor-animated-content\">\n\t\t\t\t\t<div class=\"e-gallery-image elementor-gallery-item__image\" data-thumbnail=\"https:\/\/treurer.com\/wp-content\/uploads\/Animales-Olivar.jpg\" data-width=\"884\" data-height=\"768\" aria-label=\"Un erizo habitante del olivar\" role=\"img\" ><\/div>\n\t\t\t\t\t\t\t\t\t\t\t<div class=\"elementor-gallery-item__overlay\"><\/div>\n\t\t\t\t\t\t\t\t\t\t\t\t\t\t<\/div>\n\t\t\t\t\t\t\t<div class=\"e-gallery-item elementor-gallery-item elementor-animated-content\">\n\t\t\t\t\t<div class=\"e-gallery-image elementor-gallery-item__image\" data-thumbnail=\"https:\/\/treurer.com\/wp-content\/uploads\/Aves-Olivar-Paloma.jpg\" data-width=\"884\" data-height=\"768\" aria-label=\"La paloma torcaz, parte de la fauna del olivar\" role=\"img\" ><\/div>\n\t\t\t\t\t\t\t\t\t\t\t<div class=\"elementor-gallery-item__overlay\"><\/div>\n\t\t\t\t\t\t\t\t\t\t\t\t\t\t<\/div>\n\t\t\t\t\t\t\t<div class=\"e-gallery-item elementor-gallery-item elementor-animated-content\">\n\t\t\t\t\t<div class=\"e-gallery-image elementor-gallery-item__image\" data-thumbnail=\"https:\/\/treurer.com\/wp-content\/uploads\/Mamiferos-Olivar.jpg\" data-width=\"884\" data-height=\"768\" aria-label=\"Mam\u00edferos del ecosistema olivar\" role=\"img\" ><\/div>\n\t\t\t\t\t\t\t\t\t\t\t<div class=\"elementor-gallery-item__overlay\"><\/div>\n\t\t\t\t\t\t\t\t\t\t\t\t\t\t<\/div>\n\t\t\t\t\t\t\t<div class=\"e-gallery-item elementor-gallery-item elementor-animated-content\">\n\t\t\t\t\t<div class=\"e-gallery-image elementor-gallery-item__image\" data-thumbnail=\"https:\/\/treurer.com\/wp-content\/uploads\/Rapaces-Olivar.jpg\" data-width=\"884\" data-height=\"768\" aria-label=\"Un Xoriguer en olivar\" role=\"img\" ><\/div>\n\t\t\t\t\t\t\t\t\t\t\t<div class=\"elementor-gallery-item__overlay\"><\/div>\n\t\t\t\t\t\t\t\t\t\t\t\t\t\t<\/div>\n\t\t\t\t\t\t\t<div class=\"e-gallery-item elementor-gallery-item elementor-animated-content\">\n\t\t\t\t\t<div class=\"e-gallery-image elementor-gallery-item__image\" data-thumbnail=\"https:\/\/treurer.com\/wp-content\/uploads\/Pajaros-Olivar.jpg\" data-width=\"884\" data-height=\"768\" aria-label=\"Aves moradoras del olivar\" role=\"img\" ><\/div>\n\t\t\t\t\t\t\t\t\t\t\t<div class=\"elementor-gallery-item__overlay\"><\/div>\n\t\t\t\t\t\t\t\t\t\t\t\t\t\t<\/div>\n\t\t\t\t\t\t\t<div class=\"e-gallery-item elementor-gallery-item elementor-animated-content\">\n\t\t\t\t\t<div class=\"e-gallery-image elementor-gallery-item__image\" data-thumbnail=\"https:\/\/treurer.com\/wp-content\/uploads\/Gorrion-Olivar.jpg\" data-width=\"884\" data-height=\"768\" aria-label=\"Un gorri\u00f3n habitante del olivar\" role=\"img\" ><\/div>\n\t\t\t\t\t\t\t\t\t\t\t<div class=\"elementor-gallery-item__overlay\"><\/div>\n\t\t\t\t\t\t\t\t\t\t\t\t\t\t<\/div>\n\t\t\t\t\t<\/div>\n\t\t\t\t\t<\/div>\n\t\t\t\t<\/div>\n\t\t\t\t\t<\/div>\n\t\t<\/div>\n\t\t\t\t\t<\/div>\n\t\t<\/section>\n\t\t\t\t<section class=\"elementor-section elementor-top-section elementor-element elementor-element-802d7dd elementor-section-boxed elementor-section-height-default elementor-section-height-default\" data-id=\"802d7dd\" data-element_type=\"section\" data-settings=\"{&quot;background_background&quot;:&quot;classic&quot;}\">\n\t\t\t\t\t\t<div class=\"elementor-container elementor-column-gap-default\">\n\t\t\t\t\t<div class=\"elementor-column elementor-col-100 elementor-top-column elementor-element elementor-element-8c88dbd\" data-id=\"8c88dbd\" data-element_type=\"column\">\n\t\t\t<div class=\"elementor-widget-wrap elementor-element-populated\">\n\t\t\t\t\t\t<div class=\"elementor-element elementor-element-fc5bb16 elementor-widget elementor-widget-heading\" data-id=\"fc5bb16\" data-element_type=\"widget\" data-widget_type=\"heading.default\">\n\t\t\t\t<div class=\"elementor-widget-container\">\n\t\t\t\t\t<h2 class=\"elementor-heading-title elementor-size-default\">CO2<\/h2>\t\t\t\t<\/div>\n\t\t\t\t<\/div>\n\t\t\t\t<div class=\"elementor-element elementor-element-88f0286 elementor-widget-divider--view-line elementor-widget elementor-widget-divider\" data-id=\"88f0286\" data-element_type=\"widget\" data-widget_type=\"divider.default\">\n\t\t\t\t<div class=\"elementor-widget-container\">\n\t\t\t\t\t\t\t<div class=\"elementor-divider\">\n\t\t\t<span class=\"elementor-divider-separator\">\n\t\t\t\t\t\t<\/span>\n\t\t<\/div>\n\t\t\t\t\t\t<\/div>\n\t\t\t\t<\/div>\n\t\t\t\t<div class=\"elementor-element elementor-element-36a3301 elementor-widget elementor-widget-text-editor\" data-id=\"36a3301\" data-element_type=\"widget\" data-widget_type=\"text-editor.default\">\n\t\t\t\t<div class=\"elementor-widget-container\">\n\t\t\t\t\t\t\t\t\t<p style=\"text-align: left;\">Tots nosaltres estem preocupats per la quantitat d&#8217;emissions de CO2 que implica el nostre dia a dia. Som molts els que exercim un consum responsable, avaluant l&#8217;impacte de la nostra vida di\u00e0ria en el medi ambient.<\/p><p style=\"text-align: left;\">Como no podr\u00eda ser de otra forma,Com no podria ser d&#8217;una altra manera, vam traslladar aquesta preocupaci\u00f3 a tot el proc\u00e9s d&#8217;elaboraci\u00f3 del nostre oli. El Consell Ole\u00edcola Internacional ha revelat a la Cimera de Clima de Marr\u00e0queix que el proc\u00e9s d&#8217;elaboraci\u00f3 d&#8217;un kg. d&#8217;oli en un olivar mig produeix 1,5 kg. de CO2. No obstant aix\u00f2, la quantitat que fixen les oliveres que conformen l&#8217;olivar que d\u00f3na lloc a aquesta producci\u00f3 d&#8217;oli \u00e9s de 11,5 kg. de CO2 per kg. d&#8217;oli produ\u00eft. Aix\u00f2 d\u00f3na un balan\u00e7 positiu de 10 kg. de CO2 per cada kg. d&#8217;oli obtingut.<\/p><p style=\"text-align: left;\">El sentit de l&#8217;olivar \u00e9s la producci\u00f3 d&#8217;oli. Sense aquest motiu econ\u00f2mic, aquests cultius deixen de tenir sentit i es convertirien en muntanya baixa o bosc; per aix\u00f2 podem afirmar amb rotunditat que la producci\u00f3 d&#8217;oli \u00e9s una activitat que repercuteix positivament en la reducci\u00f3 de gasos d&#8217;efecte hivernacle.<\/p>\t\t\t\t\t\t\t\t<\/div>\n\t\t\t\t<\/div>\n\t\t\t\t\t<\/div>\n\t\t<\/div>\n\t\t\t\t\t<\/div>\n\t\t<\/section>\n\t\t\t\t<section class=\"elementor-section elementor-top-section elementor-element elementor-element-ab3b3fa elementor-section-boxed elementor-section-height-default elementor-section-height-default\" data-id=\"ab3b3fa\" data-element_type=\"section\" data-settings=\"{&quot;background_background&quot;:&quot;classic&quot;}\">\n\t\t\t\t\t\t<div class=\"elementor-container elementor-column-gap-default\">\n\t\t\t\t\t<div class=\"elementor-column elementor-col-33 elementor-top-column elementor-element elementor-element-db91dfa\" data-id=\"db91dfa\" data-element_type=\"column\">\n\t\t\t<div class=\"elementor-widget-wrap elementor-element-populated\">\n\t\t\t\t\t\t<section class=\"elementor-section elementor-inner-section elementor-element elementor-element-07fda46 elementor-section-boxed elementor-section-height-default elementor-section-height-default\" data-id=\"07fda46\" data-element_type=\"section\">\n\t\t\t\t\t\t<div class=\"elementor-container elementor-column-gap-wider\">\n\t\t\t\t\t<div class=\"elementor-column elementor-col-100 elementor-inner-column elementor-element elementor-element-a0f83a9 co2\" data-id=\"a0f83a9\" data-element_type=\"column\">\n\t\t\t<div class=\"elementor-widget-wrap elementor-element-populated\">\n\t\t\t\t\t\t<div class=\"elementor-element elementor-element-e91580f elementor-widget elementor-widget-text-editor\" data-id=\"e91580f\" data-element_type=\"widget\" data-widget_type=\"text-editor.default\">\n\t\t\t\t<div class=\"elementor-widget-container\">\n\t\t\t\t\t\t\t\t\t<p>El cicle de vida d&#8217;un kg d&#8217;oli d&#8217;oliva, des que es produeix fins que es consumeix, genera una mitjana de 1,5 kg de CO2.<\/p>\t\t\t\t\t\t\t\t<\/div>\n\t\t\t\t<\/div>\n\t\t\t\t<div class=\"elementor-element elementor-element-bcae036 elementor-widget__width-auto elementor-absolute elementor-hidden-phone elementor-widget elementor-widget-image\" data-id=\"bcae036\" data-element_type=\"widget\" data-settings=\"{&quot;_position&quot;:&quot;absolute&quot;}\" data-widget_type=\"image.default\">\n\t\t\t\t<div class=\"elementor-widget-container\">\n\t\t\t\t\t\t\t\t\t\t\t\t\t\t\t<img decoding=\"async\" src=\"https:\/\/treurer.com\/wp-content\/uploads\/line-point.svg\" class=\"attachment-large size-large wp-image-1067\" alt=\"\" title=\"\">\t\t\t\t\t\t\t\t\t\t\t\t\t\t\t<\/div>\n\t\t\t\t<\/div>\n\t\t\t\t\t<\/div>\n\t\t<\/div>\n\t\t\t\t\t<\/div>\n\t\t<\/section>\n\t\t\t\t<section class=\"elementor-section elementor-inner-section elementor-element elementor-element-31a6c64 elementor-section-boxed elementor-section-height-default elementor-section-height-default\" data-id=\"31a6c64\" data-element_type=\"section\">\n\t\t\t\t\t\t<div class=\"elementor-container elementor-column-gap-wider\">\n\t\t\t\t\t<div class=\"elementor-column elementor-col-100 elementor-inner-column elementor-element elementor-element-cf5252f co2\" data-id=\"cf5252f\" data-element_type=\"column\">\n\t\t\t<div class=\"elementor-widget-wrap elementor-element-populated\">\n\t\t\t\t\t\t<div class=\"elementor-element elementor-element-b5deb1c elementor-widget elementor-widget-text-editor\" data-id=\"b5deb1c\" data-element_type=\"widget\" data-widget_type=\"text-editor.default\">\n\t\t\t\t<div class=\"elementor-widget-container\">\n\t\t\t\t\t\t\t\t\t<p>\u00c9s m\u00e9s, el COI recorda tamb\u00e9 que la fixaci\u00f3 de carboni redunda en la capacitat del terreny d&#8217;emmagatzemar aigua, de manera que ajuda a combatre la desertificaci\u00f3 que amena\u00e7a a \u00e0mplies zones del Mediterrani.<\/p>\t\t\t\t\t\t\t\t<\/div>\n\t\t\t\t<\/div>\n\t\t\t\t<div class=\"elementor-element elementor-element-6bc8a30 elementor-widget__width-auto elementor-absolute elementor-hidden-phone elementor-widget elementor-widget-image\" data-id=\"6bc8a30\" data-element_type=\"widget\" data-settings=\"{&quot;_position&quot;:&quot;absolute&quot;}\" data-widget_type=\"image.default\">\n\t\t\t\t<div class=\"elementor-widget-container\">\n\t\t\t\t\t\t\t\t\t\t\t\t\t\t\t<img decoding=\"async\" src=\"https:\/\/treurer.com\/wp-content\/uploads\/line-point.svg\" class=\"attachment-large size-large wp-image-1067\" alt=\"\" title=\"\">\t\t\t\t\t\t\t\t\t\t\t\t\t\t\t<\/div>\n\t\t\t\t<\/div>\n\t\t\t\t\t<\/div>\n\t\t<\/div>\n\t\t\t\t\t<\/div>\n\t\t<\/section>\n\t\t\t\t\t<\/div>\n\t\t<\/div>\n\t\t\t\t<div class=\"elementor-column elementor-col-33 elementor-top-column elementor-element elementor-element-4779176\" data-id=\"4779176\" data-element_type=\"column\">\n\t\t\t<div class=\"elementor-widget-wrap elementor-element-populated\">\n\t\t\t\t\t\t<div class=\"elementor-element elementor-element-5c5cf7a elementor-widget elementor-widget-image\" data-id=\"5c5cf7a\" data-element_type=\"widget\" data-widget_type=\"image.default\">\n\t\t\t\t<div class=\"elementor-widget-container\">\n\t\t\t\t\t\t\t\t\t\t\t\t\t\t\t<img decoding=\"async\" src=\"https:\/\/treurer.com\/wp-content\/uploads\/calidad-aceite-virgen-extra-grey.svg\" class=\"attachment-large size-large wp-image-1063\" alt=\"\" title=\"\">\t\t\t\t\t\t\t\t\t\t\t\t\t\t\t<\/div>\n\t\t\t\t<\/div>\n\t\t\t\t\t<\/div>\n\t\t<\/div>\n\t\t\t\t<div class=\"elementor-column elementor-col-33 elementor-top-column elementor-element elementor-element-4df1a82\" data-id=\"4df1a82\" data-element_type=\"column\">\n\t\t\t<div class=\"elementor-widget-wrap elementor-element-populated\">\n\t\t\t\t\t\t<section class=\"elementor-section elementor-inner-section elementor-element elementor-element-d6dea2f elementor-section-boxed elementor-section-height-default elementor-section-height-default\" data-id=\"d6dea2f\" data-element_type=\"section\">\n\t\t\t\t\t\t<div class=\"elementor-container elementor-column-gap-wider\">\n\t\t\t\t\t<div class=\"elementor-column elementor-col-100 elementor-inner-column elementor-element elementor-element-a413463 co2\" data-id=\"a413463\" data-element_type=\"column\">\n\t\t\t<div class=\"elementor-widget-wrap elementor-element-populated\">\n\t\t\t\t\t\t<div class=\"elementor-element elementor-element-95697fc elementor-widget elementor-widget-text-editor\" data-id=\"95697fc\" data-element_type=\"widget\" data-widget_type=\"text-editor.default\">\n\t\t\t\t<div class=\"elementor-widget-container\">\n\t\t\t\t\t\t\t\t\t<p>L&#8217;olivar fixa 11,5 kgs de CO2 per cada kg d&#8217;oli produ\u00eft.<\/p>\t\t\t\t\t\t\t\t<\/div>\n\t\t\t\t<\/div>\n\t\t\t\t<div class=\"elementor-element elementor-element-fa8b826 puntd elementor-widget__width-auto elementor-absolute elementor-hidden-phone elementor-widget elementor-widget-image\" data-id=\"fa8b826\" data-element_type=\"widget\" data-settings=\"{&quot;_position&quot;:&quot;absolute&quot;}\" data-widget_type=\"image.default\">\n\t\t\t\t<div class=\"elementor-widget-container\">\n\t\t\t\t\t\t\t\t\t\t\t\t\t\t\t<img decoding=\"async\" src=\"https:\/\/treurer.com\/wp-content\/uploads\/line-point.svg\" class=\"attachment-large size-large wp-image-1067\" alt=\"\" title=\"\">\t\t\t\t\t\t\t\t\t\t\t\t\t\t\t<\/div>\n\t\t\t\t<\/div>\n\t\t\t\t\t<\/div>\n\t\t<\/div>\n\t\t\t\t\t<\/div>\n\t\t<\/section>\n\t\t\t\t<section class=\"elementor-section elementor-inner-section elementor-element elementor-element-e4166d0 elementor-section-boxed elementor-section-height-default elementor-section-height-default\" data-id=\"e4166d0\" data-element_type=\"section\">\n\t\t\t\t\t\t<div class=\"elementor-container elementor-column-gap-wider\">\n\t\t\t\t\t<div class=\"elementor-column elementor-col-100 elementor-inner-column elementor-element elementor-element-2210b5f co2\" data-id=\"2210b5f\" data-element_type=\"column\">\n\t\t\t<div class=\"elementor-widget-wrap elementor-element-populated\">\n\t\t\t\t\t\t<div class=\"elementor-element elementor-element-be031c9 elementor-widget elementor-widget-text-editor\" data-id=\"be031c9\" data-element_type=\"widget\" data-widget_type=\"text-editor.default\">\n\t\t\t\t<div class=\"elementor-widget-container\">\n\t\t\t\t\t\t\t\t\t<p>M\u00e9s encara a Espanya, que atresora m\u00e9s de 2,5 milions d&#8217;hect\u00e0rees d&#8217;olivera dels 5,5 milions d&#8217;hect\u00e0rees existents a la Uni\u00f3 Europea.<\/p>\t\t\t\t\t\t\t\t<\/div>\n\t\t\t\t<\/div>\n\t\t\t\t<div class=\"elementor-element elementor-element-96ef2e1 puntd elementor-widget__width-auto elementor-absolute elementor-hidden-phone elementor-widget elementor-widget-image\" data-id=\"96ef2e1\" data-element_type=\"widget\" data-settings=\"{&quot;_position&quot;:&quot;absolute&quot;}\" data-widget_type=\"image.default\">\n\t\t\t\t<div class=\"elementor-widget-container\">\n\t\t\t\t\t\t\t\t\t\t\t\t\t\t\t<img decoding=\"async\" src=\"https:\/\/treurer.com\/wp-content\/uploads\/line-point.svg\" class=\"attachment-large size-large wp-image-1067\" alt=\"\" title=\"\">\t\t\t\t\t\t\t\t\t\t\t\t\t\t\t<\/div>\n\t\t\t\t<\/div>\n\t\t\t\t\t<\/div>\n\t\t<\/div>\n\t\t\t\t\t<\/div>\n\t\t<\/section>\n\t\t\t\t\t<\/div>\n\t\t<\/div>\n\t\t\t\t\t<\/div>\n\t\t<\/section>\n\t\t\t\t<section class=\"elementor-section elementor-top-section elementor-element elementor-element-6f2ba1f elementor-section-boxed elementor-section-height-default elementor-section-height-default\" data-id=\"6f2ba1f\" data-element_type=\"section\" data-settings=\"{&quot;background_background&quot;:&quot;classic&quot;}\">\n\t\t\t\t\t\t<div class=\"elementor-container elementor-column-gap-wider\">\n\t\t\t\t\t<div class=\"elementor-column elementor-col-50 elementor-top-column elementor-element elementor-element-2c3723c\" data-id=\"2c3723c\" data-element_type=\"column\">\n\t\t\t<div class=\"elementor-widget-wrap elementor-element-populated\">\n\t\t\t\t\t\t<div class=\"elementor-element elementor-element-4e9feda elementor-widget elementor-widget-heading\" data-id=\"4e9feda\" data-element_type=\"widget\" data-widget_type=\"heading.default\">\n\t\t\t\t<div class=\"elementor-widget-container\">\n\t\t\t\t\t<h2 class=\"elementor-heading-title elementor-size-default\">La producci\u00f3 d'un kg de oli provoca l'emissi\u00f3 de 1,5 kg de CO2.<\/h2>\t\t\t\t<\/div>\n\t\t\t\t<\/div>\n\t\t\t\t\t<\/div>\n\t\t<\/div>\n\t\t\t\t<div class=\"elementor-column elementor-col-50 elementor-top-column elementor-element elementor-element-efd1964\" data-id=\"efd1964\" data-element_type=\"column\">\n\t\t\t<div class=\"elementor-widget-wrap elementor-element-populated\">\n\t\t\t\t\t\t<div class=\"elementor-element elementor-element-1ca6b99 elementor-widget elementor-widget-heading\" data-id=\"1ca6b99\" data-element_type=\"widget\" data-widget_type=\"heading.default\">\n\t\t\t\t<div class=\"elementor-widget-container\">\n\t\t\t\t\t<h2 class=\"elementor-heading-title elementor-size-default\">Tot i aix\u00ed, per cada quilo d\u2019oli produ\u00eft s\u2019absorbeixen 11,5 kg de CO2.<\/h2>\t\t\t\t<\/div>\n\t\t\t\t<\/div>\n\t\t\t\t\t<\/div>\n\t\t<\/div>\n\t\t\t\t\t<\/div>\n\t\t<\/section>\n\t\t\t\t<section class=\"elementor-section elementor-top-section elementor-element elementor-element-252f92f elementor-section-boxed elementor-section-height-default elementor-section-height-default\" data-id=\"252f92f\" data-element_type=\"section\" data-settings=\"{&quot;background_background&quot;:&quot;classic&quot;}\">\n\t\t\t\t\t\t<div class=\"elementor-container elementor-column-gap-default\">\n\t\t\t\t\t<div class=\"elementor-column elementor-col-100 elementor-top-column elementor-element elementor-element-7dc5905\" data-id=\"7dc5905\" data-element_type=\"column\">\n\t\t\t<div class=\"elementor-widget-wrap elementor-element-populated\">\n\t\t\t\t\t\t<div class=\"elementor-element elementor-element-e6e36b7 elementor-widget elementor-widget-menu-anchor\" data-id=\"e6e36b7\" data-element_type=\"widget\" data-widget_type=\"menu-anchor.default\">\n\t\t\t\t<div class=\"elementor-widget-container\">\n\t\t\t\t\t\t\t<div class=\"elementor-menu-anchor\" id=\"tienda-aceite\"><\/div>\n\t\t\t\t\t\t<\/div>\n\t\t\t\t<\/div>\n\t\t\t\t<div class=\"elementor-element elementor-element-b639a65 elementor-widget elementor-widget-heading\" data-id=\"b639a65\" data-element_type=\"widget\" data-widget_type=\"heading.default\">\n\t\t\t\t<div class=\"elementor-widget-container\">\n\t\t\t\t\t<h2 class=\"elementor-heading-title elementor-size-default\">Treurer a casa teva<\/h2>\t\t\t\t<\/div>\n\t\t\t\t<\/div>\n\t\t\t\t<div class=\"elementor-element elementor-element-edea1d7 elementor-widget-divider--view-line elementor-widget elementor-widget-divider\" data-id=\"edea1d7\" data-element_type=\"widget\" data-widget_type=\"divider.default\">\n\t\t\t\t<div class=\"elementor-widget-container\">\n\t\t\t\t\t\t\t<div class=\"elementor-divider\">\n\t\t\t<span class=\"elementor-divider-separator\">\n\t\t\t\t\t\t<\/span>\n\t\t<\/div>\n\t\t\t\t\t\t<\/div>\n\t\t\t\t<\/div>\n\t\t\t\t<div class=\"elementor-element elementor-element-cb25412 elementor-widget__width-auto elementor-absolute elementor-widget elementor-widget-image\" data-id=\"cb25412\" data-element_type=\"widget\" data-settings=\"{&quot;_position&quot;:&quot;absolute&quot;}\" data-widget_type=\"image.default\">\n\t\t\t\t<div class=\"elementor-widget-container\">\n\t\t\t\t\t\t\t\t\t\t\t\t\t\t\t\t<a href=\"#elementor-action%3Aaction%3Dpopup%3Aopen%26settings%3DeyJpZCI6NjU5MywidG9nZ2xlIjpmYWxzZX0%3D\">\n\t\t\t\t\t\t\t<img decoding=\"async\" src=\"https:\/\/treurer.com\/wp-content\/uploads\/club.svg\" class=\"attachment-large size-large wp-image-558\" alt=\"\" title=\"\">\t\t\t\t\t\t\t\t<\/a>\n\t\t\t\t\t\t\t\t\t\t\t\t\t\t\t<\/div>\n\t\t\t\t<\/div>\n\t\t\t\t<section class=\"elementor-section elementor-inner-section elementor-element elementor-element-8828cb5 elementor-section-boxed elementor-section-height-default elementor-section-height-default\" data-id=\"8828cb5\" data-element_type=\"section\">\n\t\t\t\t\t\t<div class=\"elementor-container elementor-column-gap-default\">\n\t\t\t\t\t<div class=\"elementor-column elementor-col-33 elementor-inner-column elementor-element elementor-element-c517d70\" data-id=\"c517d70\" data-element_type=\"column\">\n\t\t\t<div class=\"elementor-widget-wrap\">\n\t\t\t\t\t\t\t<\/div>\n\t\t<\/div>\n\t\t\t\t<div class=\"elementor-column elementor-col-33 elementor-inner-column elementor-element elementor-element-e5f0875\" data-id=\"e5f0875\" data-element_type=\"column\">\n\t\t\t<div class=\"elementor-widget-wrap elementor-element-populated\">\n\t\t\t\t\t\t<section class=\"elementor-section elementor-inner-section elementor-element elementor-element-0d8a945 elementor-section-boxed elementor-section-height-default elementor-section-height-default\" data-id=\"0d8a945\" data-element_type=\"section\">\n\t\t\t\t\t\t<div class=\"elementor-container elementor-column-gap-default\">\n\t\t\t\t\t<div class=\"elementor-column elementor-col-33 elementor-inner-column elementor-element elementor-element-6468911\" data-id=\"6468911\" data-element_type=\"column\">\n\t\t\t<div class=\"elementor-widget-wrap elementor-element-populated\">\n\t\t\t\t\t\t<div class=\"elementor-element elementor-element-c2c6ab5 elementor-widget elementor-widget-global elementor-global-6423 elementor-global-2108 elementor-widget-image\" data-id=\"c2c6ab5\" data-element_type=\"widget\" data-widget_type=\"image.default\">\n\t\t\t\t<div class=\"elementor-widget-container\">\n\t\t\t\t\t\t\t\t\t\t\t\t\t\t\t<img fetchpriority=\"high\" decoding=\"async\" width=\"1496\" height=\"849\" src=\"https:\/\/treurer.com\/wp-content\/uploads\/Aceite-Oliva-Virgen-Extra-Mallorca-Treurer-Sombra-1.png\" class=\"attachment-1536x1536 size-1536x1536 wp-image-3836\" alt=\"Oli de oliva extra verge Treurer\" srcset=\"https:\/\/treurer.com\/wp-content\/uploads\/Aceite-Oliva-Virgen-Extra-Mallorca-Treurer-Sombra-1.png 1496w, https:\/\/treurer.com\/wp-content\/uploads\/Aceite-Oliva-Virgen-Extra-Mallorca-Treurer-Sombra-1-768x436.png 768w, https:\/\/treurer.com\/wp-content\/uploads\/Aceite-Oliva-Virgen-Extra-Mallorca-Treurer-Sombra-1-300x170.png 300w, https:\/\/treurer.com\/wp-content\/uploads\/Aceite-Oliva-Virgen-Extra-Mallorca-Treurer-Sombra-1-600x341.png 600w\" sizes=\"(max-width: 1496px) 100vw, 1496px\" title=\"\">\t\t\t\t\t\t\t\t\t\t\t\t\t\t\t<\/div>\n\t\t\t\t<\/div>\n\t\t\t\t\t<\/div>\n\t\t<\/div>\n\t\t\t\t<div class=\"elementor-column elementor-col-66 elementor-inner-column elementor-element elementor-element-d2c01ae\" data-id=\"d2c01ae\" data-element_type=\"column\">\n\t\t\t<div class=\"elementor-widget-wrap elementor-element-populated\">\n\t\t\t\t\t\t<div class=\"elementor-element elementor-element-cbd5b1b elementor-widget elementor-widget-global elementor-global-6421 elementor-global-2111 elementor-widget-heading\" data-id=\"cbd5b1b\" data-element_type=\"widget\" data-widget_type=\"heading.default\">\n\t\t\t\t<div class=\"elementor-widget-container\">\n\t\t\t\t\t<h3 class=\"elementor-heading-title elementor-size-default\">Caixa de 6 ampolles d'oli d'oliva verge extra Treurer<\/h3>\t\t\t\t<\/div>\n\t\t\t\t<\/div>\n\t\t\t\t<div class=\"elementor-element elementor-element-e5b9d3f mw550 elementor-widget elementor-widget-global elementor-global-6417 elementor-global-2114 elementor-widget-text-editor\" data-id=\"e5b9d3f\" data-element_type=\"widget\" data-widget_type=\"text-editor.default\">\n\t\t\t\t<div class=\"elementor-widget-container\">\n\t\t\t\t\t\t\t\t\tCaixa de 6 unitats de 500ml.\t\t\t\t\t\t\t\t<\/div>\n\t\t\t\t<\/div>\n\t\t\t\t<div class=\"elementor-element elementor-element-9404a37 mw550 elementor-widget elementor-widget-global elementor-global-6419 elementor-global-2117 elementor-widget-text-editor\" data-id=\"9404a37\" data-element_type=\"widget\" data-widget_type=\"text-editor.default\">\n\t\t\t\t<div class=\"elementor-widget-container\">\n\t\t\t\t\t\t\t\t\tL&#8217;oli d&#8217;oliva verge extra Treurer \u00e9s un oli provinent de la varietat d&#8217;olives arbequina, equilibrat, amb un afruitat moderat, lleugerament picant i lleugerament amarg.\t\t\t\t\t\t\t\t<\/div>\n\t\t\t\t<\/div>\n\t\t\t\t<div class=\"elementor-element elementor-element-add323b elementor-widget-divider--view-line elementor-widget elementor-widget-divider\" data-id=\"add323b\" data-element_type=\"widget\" data-widget_type=\"divider.default\">\n\t\t\t\t<div class=\"elementor-widget-container\">\n\t\t\t\t\t\t\t<div class=\"elementor-divider\">\n\t\t\t<span class=\"elementor-divider-separator\">\n\t\t\t\t\t\t<\/span>\n\t\t<\/div>\n\t\t\t\t\t\t<\/div>\n\t\t\t\t<\/div>\n\t\t\t\t<div class=\"elementor-element elementor-element-6f3286a elementor-widget__width-auto elementor-widget elementor-widget-global elementor-global-6415 elementor-global-2120 elementor-widget-heading\" data-id=\"6f3286a\" data-element_type=\"widget\" data-widget_type=\"heading.default\">\n\t\t\t\t<div class=\"elementor-widget-container\">\n\t\t\t\t\t<span class=\"elementor-heading-title elementor-size-default\">98\u20ac<\/span>\t\t\t\t<\/div>\n\t\t\t\t<\/div>\n\t\t\t\t<div class=\"elementor-element elementor-element-e7e87a4 elementor-add-to-cart--align-left adto elementor-widget__width-auto elementor-widget elementor-widget-global elementor-global-6413 elementor-global-2123 elementor-widget-wc-add-to-cart\" data-id=\"e7e87a4\" data-element_type=\"widget\" data-widget_type=\"wc-add-to-cart.default\">\n\t\t\t\t<div class=\"elementor-widget-container\">\n\t\t\t\t\t\n\t\n\t<form class=\"cart\" action=\"https:\/\/treurer.com\/producto\/aceite-de-oliva-virgen-extra-treurer\/\" method=\"post\" enctype='multipart\/form-data'>\n\t\t\n\t\t<div class=\"quantity\">\n\t\t<label class=\"screen-reader-text\" for=\"quantity_69f2588487541\">Caja de 6 botellas de 500ml. de aceite de oliva virgen extra Treurer (ok) quantity<\/label>\n\t<input\n\t\ttype=\"number\"\n\t\t\t\tid=\"quantity_69f2588487541\"\n\t\tclass=\"input-text qty text\"\n\t\tname=\"quantity\"\n\t\tvalue=\"1\"\n\t\taria-label=\"Product quantity\"\n\t\t\t\tmin=\"1\"\n\t\t\t\t\t\t\tstep=\"1\"\n\t\t\tplaceholder=\"\"\n\t\t\tinputmode=\"numeric\"\n\t\t\tautocomplete=\"off\"\n\t\t\t\/>\n\t<\/div>\n\n\t\t<button type=\"submit\" name=\"add-to-cart\" value=\"1977\" class=\"single_add_to_cart_button elementor-button button alt\">\t\t<span class=\"elementor-button-content-wrapper\">\n\t\t\t\t\t\t\t\t\t<span class=\"elementor-button-text\"><span class=\"gwes\">A\u00f1adir al carrito<\/span> <span class=\"gwen\">Add to cart<\/span> <span class=\"gwde\">Zum warenkorb hinzuf\u00fcgen<\/span> <span class=\"gwca\">Afegir a la cistella<\/span><\/span>\n\t\t\t\t\t<\/span>\n\t\t<\/button>\n\n\t\t\t<\/form>\n\n\t\n\t\t\t\t<\/div>\n\t\t\t\t<\/div>\n\t\t\t\t<div class=\"elementor-element elementor-element-508ebfb elementor-widget-divider--view-line elementor-widget elementor-widget-divider\" data-id=\"508ebfb\" data-element_type=\"widget\" data-widget_type=\"divider.default\">\n\t\t\t\t<div class=\"elementor-widget-container\">\n\t\t\t\t\t\t\t<div class=\"elementor-divider\">\n\t\t\t<span class=\"elementor-divider-separator\">\n\t\t\t\t\t\t<\/span>\n\t\t<\/div>\n\t\t\t\t\t\t<\/div>\n\t\t\t\t<\/div>\n\t\t\t\t<div class=\"elementor-element elementor-element-4387a7e elementor-widget elementor-widget-global elementor-global-5860 elementor-global-3904 elementor-widget-text-editor\" data-id=\"4387a7e\" data-element_type=\"widget\" data-widget_type=\"text-editor.default\">\n\t\t\t\t<div class=\"elementor-widget-container\">\n\t\t\t\t\t\t\t\t\tVolem que et mantinguis jove i sa. Per aix\u00f2 oferim un <strong>cost de transport de 20 \u20ac per comanda, sense importar el nombre de caixes i de la destinaci\u00f3<\/strong> (aplicable nom\u00e9s a Europa).\t\t\t\t\t\t\t\t<\/div>\n\t\t\t\t<\/div>\n\t\t\t\t\t<\/div>\n\t\t<\/div>\n\t\t\t\t\t<\/div>\n\t\t<\/section>\n\t\t\t\t\t<\/div>\n\t\t<\/div>\n\t\t\t\t<div class=\"elementor-column elementor-col-33 elementor-inner-column elementor-element elementor-element-709ba8c\" data-id=\"709ba8c\" data-element_type=\"column\">\n\t\t\t<div class=\"elementor-widget-wrap\">\n\t\t\t\t\t\t\t<\/div>\n\t\t<\/div>\n\t\t\t\t\t<\/div>\n\t\t<\/section>\n\t\t\t\t\t<\/div>\n\t\t<\/div>\n\t\t\t\t\t<\/div>\n\t\t<\/section>\n\t\t\t\t<section class=\"elementor-section elementor-top-section elementor-element elementor-element-3f3048f elementor-section-boxed elementor-section-height-default elementor-section-height-default\" data-id=\"3f3048f\" data-element_type=\"section\" data-settings=\"{&quot;background_background&quot;:&quot;classic&quot;}\">\n\t\t\t\t\t\t<div class=\"elementor-container elementor-column-gap-default\">\n\t\t\t\t\t<div class=\"elementor-column elementor-col-100 elementor-top-column elementor-element elementor-element-24a1853\" data-id=\"24a1853\" data-element_type=\"column\">\n\t\t\t<div class=\"elementor-widget-wrap elementor-element-populated\">\n\t\t\t\t\t\t<div class=\"elementor-element elementor-element-66d5c11 mw800 elementor-widget elementor-widget-heading\" data-id=\"66d5c11\" data-element_type=\"widget\" data-widget_type=\"heading.default\">\n\t\t\t\t<div class=\"elementor-widget-container\">\n\t\t\t\t\t<h2 class=\"elementor-heading-title elementor-size-default\">Recursos h\u00eddrics<\/h2>\t\t\t\t<\/div>\n\t\t\t\t<\/div>\n\t\t\t\t<div class=\"elementor-element elementor-element-a2ebaba elementor-widget-divider--view-line elementor-widget elementor-widget-divider\" data-id=\"a2ebaba\" data-element_type=\"widget\" data-widget_type=\"divider.default\">\n\t\t\t\t<div class=\"elementor-widget-container\">\n\t\t\t\t\t\t\t<div class=\"elementor-divider\">\n\t\t\t<span class=\"elementor-divider-separator\">\n\t\t\t\t\t\t<\/span>\n\t\t<\/div>\n\t\t\t\t\t\t<\/div>\n\t\t\t\t<\/div>\n\t\t\t\t<div class=\"elementor-element elementor-element-a95535c mw800 elementor-widget elementor-widget-text-editor\" data-id=\"a95535c\" data-element_type=\"widget\" data-widget_type=\"text-editor.default\">\n\t\t\t\t<div class=\"elementor-widget-container\">\n\t\t\t\t\t\t\t\t\t<p>D&#8217;altra banda, la fixaci\u00f3 de carboni redunda en la capacitat de retenci\u00f3 d&#8217;aigua, ajudant a prevenir la desertitzaci\u00f3 del Mediterrani, on s&#8217;ubiquen les majors extensions d&#8217;oliveres.<\/p><p>Fransisco Serafini, exsecretari general de Consell Ole\u00edcola Internacional (COI), va destacar en 2016 que &#8220;l&#8217;olivar contribueix a alentir la desertitzaci\u00f3 i l&#8217;erosi\u00f3 en les zones on est\u00e0 implantat i permet a m\u00e9s mantenir la poblaci\u00f3 en el medi rural&#8221;.<\/p><p>El nostre olivar segueix les millors pr\u00e0ctiques de l&#8217;agricultura integrada.<\/p>\t\t\t\t\t\t\t\t<\/div>\n\t\t\t\t<\/div>\n\t\t\t\t\t<\/div>\n\t\t<\/div>\n\t\t\t\t\t<\/div>\n\t\t<\/section>\n\t\t\t\t<section class=\"elementor-section elementor-top-section elementor-element elementor-element-2219963 elementor-section-boxed elementor-section-height-default elementor-section-height-default\" data-id=\"2219963\" data-element_type=\"section\" data-settings=\"{&quot;background_background&quot;:&quot;classic&quot;}\">\n\t\t\t\t\t\t<div class=\"elementor-container elementor-column-gap-default\">\n\t\t\t\t\t<div class=\"elementor-column elementor-col-100 elementor-top-column elementor-element elementor-element-b36e9c3\" data-id=\"b36e9c3\" data-element_type=\"column\">\n\t\t\t<div class=\"elementor-widget-wrap elementor-element-populated\">\n\t\t\t\t\t\t<div class=\"elementor-element elementor-element-d54fc9b elementor-widget elementor-widget-video\" data-id=\"d54fc9b\" data-element_type=\"widget\" data-settings=\"{&quot;youtube_url&quot;:&quot;https:\\\/\\\/www.youtube.com\\\/watch?v=QumZ52fq2Rk&quot;,&quot;video_type&quot;:&quot;youtube&quot;,&quot;controls&quot;:&quot;yes&quot;}\" data-widget_type=\"video.default\">\n\t\t\t\t<div class=\"elementor-widget-container\">\n\t\t\t\t\t\t\t<div class=\"elementor-wrapper elementor-open-inline\">\n\t\t\t<div class=\"elementor-video\"><\/div>\t\t<\/div>\n\t\t\t\t\t\t<\/div>\n\t\t\t\t<\/div>\n\t\t\t\t\t<\/div>\n\t\t<\/div>\n\t\t\t\t\t<\/div>\n\t\t<\/section>\n\t\t\t\t<\/div>\n\t\t","protected":false},"excerpt":{"rendered":"<p>El valor mediambiental de l&#8217;olivar Biodiversitat de l&#8217;olivar L&#8217;olivar \u00e9s, sens dubte, un paisatge ple de vida, animal i vegetal. En el seu interior habiten 165 tipus d\u2019ocells, que representen un 25% de les esp\u00e8cies catalogades al nostre pa\u00eds. Un total de 120 insectes i 550 esp\u00e8cies herb\u00e0cies comparteixen h\u00e0bitat amb l&#8217;olivera. Totes aquestes xifres [&hellip;]<\/p>\n","protected":false},"author":3,"featured_media":1443,"parent":0,"menu_order":0,"comment_status":"closed","ping_status":"closed","template":"","meta":{"_acf_changed":false,"content-type":"","_joinchat":[],"footnotes":""},"class_list":["post-6478","page","type-page","status-publish","has-post-thumbnail","hentry"],"acf":[],"_links":{"self":[{"href":"https:\/\/treurer.com\/ca\/wp-json\/wp\/v2\/pages\/6478","targetHints":{"allow":["GET"]}}],"collection":[{"href":"https:\/\/treurer.com\/ca\/wp-json\/wp\/v2\/pages"}],"about":[{"href":"https:\/\/treurer.com\/ca\/wp-json\/wp\/v2\/types\/page"}],"author":[{"embeddable":true,"href":"https:\/\/treurer.com\/ca\/wp-json\/wp\/v2\/users\/3"}],"replies":[{"embeddable":true,"href":"https:\/\/treurer.com\/ca\/wp-json\/wp\/v2\/comments?post=6478"}],"version-history":[{"count":0,"href":"https:\/\/treurer.com\/ca\/wp-json\/wp\/v2\/pages\/6478\/revisions"}],"wp:featuredmedia":[{"embeddable":true,"href":"https:\/\/treurer.com\/ca\/wp-json\/wp\/v2\/media\/1443"}],"wp:attachment":[{"href":"https:\/\/treurer.com\/ca\/wp-json\/wp\/v2\/media?parent=6478"}],"curies":[{"name":"wp","href":"https:\/\/api.w.org\/{rel}","templated":true}]}}